{"id":2813,"date":"2022-08-29T15:04:20","date_gmt":"2022-08-29T15:04:20","guid":{"rendered":"https:\/\/asociatia-macedonenilor.ro\/?page_id=2813"},"modified":"2022-11-21T15:26:54","modified_gmt":"2022-11-21T15:26:54","slug":"concurs","status":"publish","type":"page","link":"https:\/\/asociatia-macedonenilor.ro\/index.php\/concurs\/","title":{"rendered":"CONCURS"},"content":{"rendered":"\n<h2 class=\"alignwide has-text-align-center wp-block-heading\"><strong>CONCURSUL NA\u0162IONAL DE LITERATUR\u0102<\/strong><\/h2>\n\n\n\n<h2 class=\"alignwide has-text-align-center wp-block-heading\"><strong>\u201eALEXANDRU MACEDONSKI\u201d<\/strong><\/h2>\n\n\n\n<h2 class=\"alignwide has-text-align-center wp-block-heading\">&nbsp;<strong>EDI\u0162IA A IX-A<\/strong><\/h2>\n\n\n\n<h2 class=\"has-text-align-center wp-block-heading\"><strong>C\u00e2\u0219tig\u0103torii&nbsp;&nbsp;Concursului Na\u021bional de Literatur\u0103&nbsp;&nbsp;,,Alexandru Macedonski &#8222;<\/strong><\/h2>\n\n\n\n<p><strong>I.Sec\u021biunea Consacra\u021bi&nbsp;<\/strong><\/p>\n\n\n\n<p><strong>1.Sec\u021biunea Consacra\u021bi Poezie<\/strong><\/p>\n\n\n\n<p><strong>Premiul I&nbsp;<\/strong>&#8211; Romeo Aurelian Ilie &#8211;&nbsp;<em>Lacrima tat\u0103lui<\/em><\/p>\n\n\n\n<p><strong>Premiul al II-lea &#8211;&nbsp;<\/strong>Sude Emil Iulian&nbsp;<em>Rapsodiile unui gelos<\/em><\/p>\n\n\n\n<p><strong>Premiul al III-lea &#8211;&nbsp;&nbsp;<\/strong>Mariana Dobric\u0103<strong>&nbsp;<\/strong><em>Poetice<\/em><\/p>\n\n\n\n<p><strong>2. Sec\u021biunea Consacra\u021bi Proz\u0103&nbsp;<\/strong><\/p>\n\n\n\n<p><strong>Premiul I &#8211;&nbsp;&nbsp;&nbsp;<\/strong>Iulian Sp\u0103taru&nbsp;<em>Rebel<\/em><\/p>\n\n\n\n<p><strong>Premiulal II-lea &#8211;\u00a0<\/strong>Cosmin Andrei\u00a0Tudor <em>Balerina<\/em><\/p>\n\n\n\n<p><strong>Premiul al III-lea &#8211;&nbsp;<\/strong>Andrei Breab\u0103n&nbsp;<em>Castelul de pe Nistru<\/em><\/p>\n\n\n\n<p><strong>II.Sec\u021biunea Neconsacra\u021bi&nbsp;<\/strong><\/p>\n\n\n\n<p><strong>1.Sec\u021biunea Neconsacra\u021bi Poezie<\/strong><\/p>\n\n\n\n<p><strong>Premiul I &#8211;&nbsp;<\/strong>Motto:: ,,Dincolo de mine sunt eu.&#8221; &#8211;&nbsp;<strong>Dozescu Adelina<\/strong><\/p>\n\n\n\n<p><strong>Premiul al II-lea &#8211;&nbsp;<\/strong>Motto&nbsp;<strong>: ,,<\/strong>Cerul era auster ca-n orice ora\u0219.&#8221; &#8211;&nbsp;<strong>Alexandru Ciprian Bodog<\/strong><\/p>\n\n\n\n<p><strong>Premiul al III-lea &#8211;&nbsp;<\/strong>Motto: ,,Omnes una manet nox.&#8221; &#8211;&nbsp;&nbsp;<strong>Varganici Gheorghe&nbsp;<\/strong><\/p>\n\n\n\n<p><strong>2.Sec\u021biunea Neconsacra\u021bi&nbsp;&nbsp;Proz\u0103&nbsp;<\/strong><\/p>\n\n\n\n<p><strong>Premiul I &#8211;\u00a0<\/strong>Motto: ,,Timpul zboar\u0103&#8221; &#8211;\u00a0<strong>\u00a0Claudiu Constantin<\/strong> (Klaus Nether) <\/p>\n\n\n\n<p><strong>Premiul al II-lea &#8211;&nbsp;<\/strong>Motto<strong>: ,,&nbsp;<\/strong>Iubire ireversibil\u0103 &#8222;-&nbsp;<strong>R\u0103dulescu&nbsp;&nbsp;Mihaela Leliana<\/strong><\/p>\n\n\n\n<p><strong>Premiul al III-lea:&nbsp;<\/strong>Motto:,,Via\u021ba bate filmul&#8221;\/ Grecoaica &#8211;&nbsp;&nbsp;<strong>Stan Elena<\/strong><\/p>\n\n\n\n<p class=\"has-text-align-right\"><strong>Pre\u0219edinte juriu: Aurel Maria Baros<\/strong><\/p>\n\n\n\n<p><\/p>\n\n\n\n<p><\/p>\n\n\n\n<!--more-->\n\n\n\n<p>Scurt Istoric:<\/p>\n\n\n\n<p>Alexandru Macedonski, n\u0103scut&nbsp;&nbsp;la data de 14 martie 1854&nbsp;&nbsp;\u0219i&nbsp;&nbsp;trecut \u00een&nbsp;&nbsp;nefiin\u021b\u0103&nbsp;&nbsp;pe 24 noiembrie 1920,&nbsp;&nbsp;a fost un poet, prozator, dramaturg \u0219i publicist rom\u00e2n, de etnie macedonean\u0103.&nbsp;Alexandru Macedonski&nbsp;&nbsp;a introdus&nbsp;simbolismul, curent literar ap\u0103rut&nbsp;&nbsp;\u00een&nbsp;&nbsp;Fran\u021ba,&nbsp;\u00een literatura rom\u00e2n\u0103 \u0219i a fost&nbsp;&nbsp;fondatorul cenaclului \u0219i revistei literare&nbsp;<em>\u201eLiteratorul<\/em>\u201d. Acesta a sus\u021binut modernizarea poeziei rom\u00e2ne\u0219ti,&nbsp;fiind \u00eentr-o polemic\u0103 permanent\u0103 cu junimi\u0219tii:&nbsp;Vasile Alecsandri, Mihai Eminescu \u015fi Ion Luca Caragiale. De asemenea,&nbsp;&nbsp;Alexandru Macedonski a \u00eencurajat numero\u0219i tineri scriitori al c\u0103ror&nbsp;&nbsp;talent s-a confirmat \u00een timp:&nbsp;&nbsp;George Bacovia, Tudor Vianu \u015fi Traian Demetrescu, pe care i-a publicat \u00een revista&nbsp;<em>\u201eLiteratorul\u201d<\/em>.<\/p>\n\n\n\n<p>\u00cen memoria sa \u015fi pentru a continua ac\u0163iunea de promovare a tinerilor scriitori talenta\u0163i, \u00eencep\u00e2nd din anul&nbsp;&nbsp;2014, Asocia\u0163ia Macedonenilor din Rom\u00e2nia (A.M.R.) organizeaz\u0103, \u0219i&nbsp;&nbsp;\u00een acest an, Concursul Na\u0163ional de Literatur\u0103 \u201eAlexandru Macedonski\u201d \u2013 edi\u021bia a&nbsp;IX-a, adresat acelora care nu au debutat \u00een volum, dar \u0219i scriitorilor consacra\u021bi.&nbsp;<\/p>\n\n\n\n<p>Deoarece&nbsp;&nbsp;poetul Alexandru Macedonski este de etnie macedonean\u0103, concursul se adreseaz\u0103 scriitorilor de etnie macedonean\u0103, membri sau simpatizan\u0163i ai Asocia\u0163iei Macedonenilor din Rom\u00e2nia, precum \u015fi, \u00een egal\u0103 m\u0103sur\u0103, tuturor cet\u0103\u0163enilor rom\u00e2ni care vor s\u0103 participe la acest festival, organizat sub egida A.M.R.<\/p>\n\n\n\n<p><strong>&nbsp;&nbsp;&nbsp;&nbsp;&nbsp;&nbsp;&nbsp;&nbsp;&nbsp;&nbsp;&nbsp;&nbsp;&nbsp;&nbsp;ORGANIZARE CONCURS<\/strong>:<\/p>\n\n\n\n<p>Concursul va fi organizat pe dou\u0103&nbsp;&nbsp;sec\u021biuni:<\/p>\n\n\n\n<p>I<strong>.SEC\u021aIUNEA&nbsp;SCRIITORI CONSACRA\u021aI ( POEZIE \u0219i PROZ\u0102)<\/strong><\/p>\n\n\n\n<p><strong>II.SEC\u021aIUNEA SCRIITORI NECONSACRA\u021aI ( POEZIE \u0219i PROZ\u0102)<\/strong><\/p>\n\n\n\n<p>Not\u0103: Concuren\u0163ii trebuie s\u0103 aib\u0103 18 \u0219i \u00eemplini\u021bi la data \u00eenceperii concursului, 15 august 2022.<\/p>\n\n\n\n<p>Materialele trimise spre jurizare nu se returneaz\u0103.&nbsp;<\/p>\n\n\n\n<p>Nu vor fi anun\u021ba\u021bi dec\u00e2t c\u00e2\u0219tig\u0103torii, de asemenea vor fi afi\u0219ate doar listele cu scriitorii c\u00e2\u0219tig\u0103tori la ambele sec\u021biuni.&nbsp;<\/p>\n\n\n\n<p><strong>REGULAMENT CONCURS<\/strong>:<\/p>\n\n\n\n<p>\u00censcriere&nbsp;&nbsp;concurs: 15 august&nbsp;&nbsp;\u2013 15 octombrie<\/p>\n\n\n\n<p>Jurizare lucr\u0103ri:&nbsp;&nbsp;15 octombrie \u2013 13 noiembrie<\/p>\n\n\n\n<p>Anun\u021barea c\u00e2\u0219tig\u0103torilor: 14 noiembrie \u2013 20 noiembrie&nbsp;<\/p>\n\n\n\n<p>Gala de premiere a castigatorilor Concursului de Literatur\u0103 ,,<em>Alexandru Macedonski<\/em>&#8221; , edi\u021bia a IX-a: 24 &#8211; 27 noiembrie.<\/p>\n\n\n\n<p><strong>I.SEC\u021aIUNEA&nbsp;&nbsp;SCRIITORI CONSACRA\u021aI:<\/strong><\/p>\n\n\n\n<p>A. POEZIE:&nbsp;<\/p>\n\n\n\n<p>1.Concuren\u0163ii, scriitori&nbsp;&nbsp;consacra\u021bi,&nbsp;&nbsp;vor trimite 2 exemplare dintr-un volum de poezie&nbsp;&nbsp;ap\u0103rut \u00een&nbsp;&nbsp;perioada anilor 2021\/2022, precum \u0219i fi\u0219a-tip de \u00eenscriere con\u021bin\u00e2nd datele de identificare ale concurentului (nume, prenume,pseudonim literar, data na\u0219terii,&nbsp;&nbsp;adresa din buletin, num\u0103rul&nbsp;&nbsp;de telefon \u015fi adresa de mail a autorului) la urm\u0103toarea&nbsp;&nbsp;adres\u0103: Asocia\u021bia Macedonenilor din Rom\u00e2nia, strada Thomas Masaryk, nr. 29, Bucure\u0219ti, cu men\u021biunea: Pentru Concursul Na\u021bional de Literatur\u0103 ,,Alexandru Macedonski \u201e(Edi\u021bia a IX-a), Sec\u021biunea A. Poezie ( Scriitori consacra\u021bi).<\/p>\n\n\n\n<p>Preciz\u0103m c\u0103, \u00een cazul \u00een care lucr\u0103rile trimise nu \u00eendeplinesc toate condi\u021biile, nu intr\u0103 la jurizare.<\/p>\n\n\n\n<p>Se particip\u0103 cu un singur volum ap\u0103rut \u00een perioada 2021-2022.Concuren\u021bii pot participa la ambele sec\u021biuni: POEZIE \u0219i PROZ\u0102<\/p>\n\n\n\n<p>\u2606 Fi\u0219a-tip de \u00eenscriere poate fi desc\u0103rcat\u0103 de pe site-ul Asocia\u0163iei Macedonenilor din Rom\u00e2nia sectiunea Activitati online-utilitare sau de aici:<\/p>\n\n\n\n<div class=\"wp-block-file\"><a id=\"wp-block-file--media-a261961b-500d-4ec3-9f79-b2976197be8d\" href=\"https:\/\/asociatia-macedonenilor.ro\/wp-content\/uploads\/2022\/10\/Poezie-Consacrati.pdf\">Poezie Consacrati<\/a><a href=\"https:\/\/asociatia-macedonenilor.ro\/wp-content\/uploads\/2022\/10\/Poezie-Consacrati.pdf\" class=\"wp-block-file__button\" download aria-describedby=\"wp-block-file--media-a261961b-500d-4ec3-9f79-b2976197be8d\">Descarc\u0103<\/a><\/div>\n\n\n\n<p>B.SEC\u021aIUNEA&nbsp;&nbsp;PROZ\u0102:&nbsp;<\/p>\n\n\n\n<p>1.Concuren\u0163ii, scriitori&nbsp;&nbsp;consacra\u021bi,&nbsp;&nbsp;vor trimite 2 exemplare dintr-un volum \u00een&nbsp;&nbsp;proz\u0103 ap\u0103rut \u00een perioada anilor 2021\/2022 , precum \u0219i fi\u0219a-tip de \u00eenscriere con\u021bin\u00e2nd datele de identificare a concurentului (nume, prenume,pseudonim literar, data na\u0219terii,&nbsp;&nbsp;adresa din buletin, num\u0103rul&nbsp;&nbsp;de telefon \u015fi adresa de mail a autorului) la urm\u0103toarea&nbsp;&nbsp;adres\u0103: Asocia\u021bia Macedonenilor din Rom\u00e2nia, strada Thomas Masaryk, nr. 29, Bucure\u0219ti, cu men\u021biunea: Pentru Concursul Na\u021bional de Literatur\u0103 ,,Alexandru Macedonski \u201e(Edi\u021bia a IX-a), Sec\u021biunea B. Proz\u0103&nbsp;&nbsp;( Scriitori consacra\u021bi).<\/p>\n\n\n\n<p>Preciz\u0103m c\u0103, \u00een cazul \u00een care lucr\u0103rile trimise nu \u00eendeplinesc toate condi\u021biile, nu intr\u0103 la jurizare.<\/p>\n\n\n\n<p>Se particip\u0103 cu un singur volum ap\u0103rut \u00een perioada 2021-2022. Concuren\u021bii pot participa la ambele sec\u021biuni: POEZIE \u0219i PROZ\u0102.&nbsp;<\/p>\n\n\n\n<p>\u2606 Fi\u0219a-tip de \u00eenscriere poate fi desc\u0103rcat\u0103 de pe site-ul Asocia\u0163iei Macedonenilor din Rom\u00e2nia sectiunea Activitati online-utilitare sau de aici:<\/p>\n\n\n\n<div class=\"wp-block-file\"><a id=\"wp-block-file--media-380656d9-370e-4927-8275-5983bc66d8f1\" href=\"https:\/\/asociatia-macedonenilor.ro\/wp-content\/uploads\/2022\/10\/Proza-Consacrati.pdf\">Proza Consacrati<\/a><a href=\"https:\/\/asociatia-macedonenilor.ro\/wp-content\/uploads\/2022\/10\/Proza-Consacrati.pdf\" class=\"wp-block-file__button\" download aria-describedby=\"wp-block-file--media-380656d9-370e-4927-8275-5983bc66d8f1\">Descarc\u0103<\/a><\/div>\n\n\n\n<p>Juriul festivalului va fi format din personalit\u0103\u0163i literare din cadrul Uniunii Scriitorilor din Rom\u00e2nia.&nbsp;<\/p>\n\n\n\n<p>Fiecare membru al juriului va nota independent lucr\u0103rile, f\u0103r\u0103 a cunoa\u015fte opinia celorlal\u0163i, iar centralizarea listelor de jurizare \u0219i acordarea premiilor se va stabili \u00een urma unei \u00eent\u00e2lniri a membrilor juriului cu conducerea Asocia\u021biei Macedonenilor din Rom\u00e2nia.<\/p>\n\n\n\n<p>\u00censcrierile pentru concurs se pot face \u00een perioada&nbsp;&nbsp;15 august \u2013 15 octombrie.Dup\u0103 aceast\u0103 dat\u0103&nbsp;&nbsp;nu vor mai fi primite lucr\u0103ri. Toate lucr\u0103rile trimise nu se vor mai returna.<\/p>\n\n\n\n<p>Autorilor care nu se prezint\u0103&nbsp;&nbsp;la gala de premiere pentru a le fi atribuite premiile&nbsp;&nbsp;li se retrag aceste premii.<\/p>\n\n\n\n<p>Fiecare autor r\u0103spunde pentru autenticitatea lucr\u0103rii trimise la concurs.<\/p>\n\n\n\n<p>Nu se primesc lucr\u0103ri premiate la alte concursuri literare \u0219i&nbsp;&nbsp;orice lucrare care nu corespunde criteriilor ( incit\u0103 la ur\u0103&nbsp;&nbsp;de ras\u0103,&nbsp;&nbsp;utilizeaz\u0103&nbsp;&nbsp;limbaj trivial, plagiaz\u0103 etc) va fi automat exclus\u0103&nbsp;&nbsp;din concurs.<\/p>\n\n\n\n<p>PREMIILE ACORDATE:&nbsp;<\/p>\n\n\n\n<p><strong>I.SECTIUNEA SCRIITORI CONSACRA\u021aI:<\/strong><\/p>\n\n\n\n<p>A.POEZIE:<\/p>\n\n\n\n<p>Premiul I: 600 lei;<\/p>\n\n\n\n<p>Premiul II: 500 lei;&nbsp;<\/p>\n\n\n\n<p>Premiul III: 400 lei.<\/p>\n\n\n\n<p>B. PROZ\u0102:&nbsp;<\/p>\n\n\n\n<p>Premiul I: 600 lei;<\/p>\n\n\n\n<p>Premiul II: 500 lei;&nbsp;<\/p>\n\n\n\n<p>Premiul III: 400 lei.\u2003&nbsp;<\/p>\n\n\n\n<p><strong>II.SEC\u021aIUNEA&nbsp;&nbsp;SCRIITORI<\/strong>&nbsp;<strong>NECONSACRA\u021aI<\/strong>:<\/p>\n\n\n\n<p>A. POEZIE:&nbsp;<\/p>\n\n\n\n<p>Concuren\u0163ii, nedebuta\u021bi \u00een volum, vor trimite un grupaj de 5 poezii ( maxim 3 pagini).Manuscrisul, obligatoriu redactat \u00een WORD (Font Arial de m\u0103rimea 12, format .doc sau .docx), cu diacritice rom\u00e2ne\u0219ti, tehnoredactat \u0219i corectat va fi \u00eenso\u021bit de un&nbsp;&nbsp;motto, precum \u0219i fi\u0219a-tip de \u00eenscriere&nbsp;&nbsp;con\u021bin\u00e2nd motto-ul&nbsp;&nbsp;ata\u015fat poemelor \u0219i datele de identificare ale concurentului ( nume, prenume, data na\u0219terii,&nbsp;&nbsp;adresa din buletin, num\u0103rul&nbsp;&nbsp;de telefon \u015fi adresa de mail a autorului) la urm\u0103toarea adres\u0103 de email:&nbsp;<\/p>\n\n\n\n<p><a href=\"mailto:concursalexandrumacedonski@asociatia-macedonenilor.ro\">concursalexandrumacedonski@asociatia-macedonenilor.ro<\/a><\/p>\n\n\n\n<p>Preciz\u0103m c\u0103 \u00een cazul \u00een care lucr\u0103rile trimise nu \u00eendeplinesc toate condi\u021biile nu intr\u0103 la jurizare.<\/p>\n\n\n\n<p>Concuren\u021bii pot participa la ambele sec\u021biuni: POEZIE \u0219i PROZ\u0102<\/p>\n\n\n\n<p>\u2606 Fi\u0219a-tip de \u00eenscriere poate fi desc\u0103rcat\u0103 de pe site-ul Asocia\u0163iei Macedonenilor din Rom\u00e2nia sectiunea Activitati online-utilitare sau de aici:<\/p>\n\n\n\n<div class=\"wp-block-file\"><a id=\"wp-block-file--media-22a10ae8-253a-4c4e-8418-dd11ee48c5a9\" href=\"https:\/\/asociatia-macedonenilor.ro\/wp-content\/uploads\/2022\/10\/Poezie-Neconsacrati.pdf\">Poezie Neconsacrati<\/a><a href=\"https:\/\/asociatia-macedonenilor.ro\/wp-content\/uploads\/2022\/10\/Poezie-Neconsacrati.pdf\" class=\"wp-block-file__button\" download aria-describedby=\"wp-block-file--media-22a10ae8-253a-4c4e-8418-dd11ee48c5a9\">Descarc\u0103<\/a><\/div>\n\n\n\n<p>B.&nbsp;&nbsp;&nbsp;PROZ\u0102:&nbsp;<\/p>\n\n\n\n<p>Concuren\u0163ii, nedebuta\u021bi \u00een volum vor trimite, \u00eentr-un fi\u015fier word, un text de maxim 3&nbsp;&nbsp;pagini nesemnat.<\/p>\n\n\n\n<p>Manuscrisul, obligatoriu redactat \u00een WORD (Font Arial de m\u0103rimea 12, format .doc sau .docx), cu diacritice rom\u00e2ne\u0219ti, corectat \u0219i tehnoredactat va fi \u00eenso\u021bit de un&nbsp;&nbsp;motto, precum \u0219i fi\u0219a-tip de \u00eenscriere con\u021bin\u00e2nd&nbsp;&nbsp;motto-ul&nbsp;&nbsp;ata\u015fat poemelor, precum \u0219i datele de identificare ale concurentului (nume, prenume, data na\u0219terii,&nbsp;&nbsp;adresa din buletin, num\u0103rul&nbsp;&nbsp;de telefon \u015fi adresa de mail a autorului) la urm\u0103toarea adres\u0103 de email:&nbsp;<\/p>\n\n\n\n<p><a href=\"mailto:concursalexandrumacedonski@asociatia-macedonenilor.ro\">concursalexandrumacedonski@asociatia-macedonenilor.ro<\/a><\/p>\n\n\n\n<p>Preciz\u0103m c\u0103 \u00een cazul \u00een care lucr\u0103rile trimise nu \u00eendeplinesc toate condi\u021biile nu intr\u0103 la jurizare.<\/p>\n\n\n\n<p>Concuren\u021bii pot participa la ambele sec\u021biuni: POEZIE \u0219i PROZ\u0102<\/p>\n\n\n\n<p>\u2606 Fi\u0219a-tip de \u00eenscriere poate fi desc\u0103rcat\u0103 de pe site-ul Asocia\u0163iei Macedonenilor din Rom\u00e2nia sectiunea Activitati online-utilitare sau de aici:<\/p>\n\n\n\n<div class=\"wp-block-file\"><a id=\"wp-block-file--media-6be7de28-7676-4cd0-bfa8-ff0563071fc0\" href=\"https:\/\/asociatia-macedonenilor.ro\/wp-content\/uploads\/2022\/10\/Proza-Neconsacrati.pdf\">Proza Neconsacrati<\/a><a href=\"https:\/\/asociatia-macedonenilor.ro\/wp-content\/uploads\/2022\/10\/Proza-Neconsacrati.pdf\" class=\"wp-block-file__button\" download aria-describedby=\"wp-block-file--media-6be7de28-7676-4cd0-bfa8-ff0563071fc0\">Descarc\u0103<\/a><\/div>\n\n\n\n<p>Juriul festivalului va fi format din personalit\u0103\u0163i literare din cadrul Uniunii Scriitorilor din Rom\u00e2nia.&nbsp;<\/p>\n\n\n\n<p>Fiecare membru al juriului va nota independent lucr\u0103rile, f\u0103r\u0103 a cunoa\u015fte opinia celorlal\u0163i, iar centralizarea listelor de jurizare \u0219i acordarea premiilor se va stabili \u00een urma unei \u00eent\u00e2lniri a membrilor juriului&nbsp;&nbsp;cu conducerea Asocia\u021biei Macedonenilor din Rom\u00e2nia.<\/p>\n\n\n\n<p><strong>PREMIILE ACORDATE&nbsp;<\/strong><\/p>\n\n\n\n<p><strong>SECTIUNEA&nbsp;&nbsp;SCRIITORI NECONSACRA\u021aI:<\/strong><\/p>\n\n\n\n<p>A.POEZIE:<\/p>\n\n\n\n<p>Premiul I: 500 lei;<\/p>\n\n\n\n<p>Premiul II: 400 lei;&nbsp;<\/p>\n\n\n\n<p>Premiul III: 300 lei.<\/p>\n\n\n\n<p>B. PROZ\u0102:&nbsp;<\/p>\n\n\n\n<p>Premiul I: 500 lei;<\/p>\n\n\n\n<p>Premiul II: 400 lei;&nbsp;<\/p>\n\n\n\n<p>Premiul III: 300 lei.\u2003<\/p>\n\n\n\n<p>\u00cen perioada 15 august&nbsp;&nbsp;\u2013 15 octombrie va avea loc \u00eenscrierea concuren\u021bilor, 15 octombrie &#8211;&nbsp;&nbsp;13 noiembrie:&nbsp;&nbsp;jurizarea lucr\u0103rilor din concurs, 14 noiembrie \u2013 20 noiembrie: anun\u021barea&nbsp;&nbsp;c\u00e2\u0219tig\u0103torilor,&nbsp;&nbsp;&nbsp;24 &#8211; 27 noiembrie 2022:&nbsp;&nbsp;Gala de Premiere a Concursului de Literatur\u0103 ,,Alexandru Macedonski &#8221; , edi\u021bia a IX-a.<\/p>\n\n\n\n<p>Juriul va fi format din patru persoane, membrii ai unor asocia\u021bii de specialitate din Rom\u00e2nia sau a c\u0103ror activitate se desf\u0103\u0219oar\u0103 \u00een institu\u021bii de stat sau particulare care au drept domeniu de activitate \u2013 cultur\u0103 . Fiecare membru al juriului, in mod individual, va nota&nbsp;&nbsp;cu note de la 1 la 10 fiecare lucrare prezentat\u0103 spre jurizare, dup\u0103 care se va face o medie. Pre\u0219edintele juriului va supraveghea pe \u00eentreaga perioad\u0103 a concursului&nbsp;&nbsp;bun\u0103 desf\u0103\u0219urare a acestuia. \u00cen perioada 08 noiembrie \u2013 14 noiembrie se vor desf\u0103\u0219ura demersurile pentru anun\u021barea c\u00e2\u0219tig\u0103torilor \u0219i \u00eendeplinirea formalit\u0103\u021bilor pentru acordarea premiilor. Autorii&nbsp;&nbsp;premia\u021bi vor&nbsp;&nbsp;fi contacta\u021bi&nbsp;&nbsp;personal. Persoanele premiate, care nu vor r\u0103spunde in mod prompt ( maxim 24h) la cererile organizatorilor referitoare la \u00eendeplinirea formalit\u0103\u021bilor de acordare a premiilor, vor pierde premiul. \u00cen&nbsp;&nbsp;perioada 24 &#8211; 27 noiembrie se va desf\u0103\u0219ura festivitatea de premiere prin intermediul programului \u201dZoom\u201d sau, dac\u0103&nbsp;&nbsp;normele sanitare \u00een&nbsp;&nbsp;vigoare permit, \u00eentr-o loca\u021bie&nbsp;&nbsp;de cultur\u0103&nbsp;&nbsp;din Bucure\u0219ti. Pentru aceasta premian\u021bii vor primi invita\u021bii personale.<\/p>\n\n\n\n<p>Lucr\u0103rile pentru concurs vor fi trimise pe adresa de e-mail a Asocia\u0163iei Macedonenilor din&nbsp;&nbsp;Rom\u00e2nia:<\/p>\n\n\n\n<p><a href=\"mailto:concursalexandrumacedonski@asociatia-macedonenilor.ro\">concursalexandrumacedonski@asociatia-macedonenilor.ro<\/a><\/p>\n\n\n\n<p>Informa\u0163ii suplimentare se pot ob\u0163ine la adresa de e-mail:&nbsp;<a href=\"mailto:concursalexandrumacedonski@asociatia-macedonenilor.ro\">concursalexandrumacedonski@asociatia-macedonenilor.ro<\/a>&nbsp;\u015fi pe site-ul&nbsp;<a href=\"http:\/\/www.asociatia-macedonenilor.ro\/\">www.asociatia-macedonenilor.ro<\/a><\/p>\n\n\n\n<p>Toat\u0103 coresponden\u021ba legat\u0103 de informa\u021bii, \u00eentreb\u0103ri suplimentare, participare, jurizare, acordare premii, sugestii, etc. se va desf\u0103\u0219ura prin intermediul adresei de mail: <a href=\"mailto:concursalexandrumacedonski@asociatia-macedonenilor.ro\">concursalexandrumacedonski@asociatia-macedonenilor.ro<\/a><\/p>\n","protected":false},"excerpt":{"rendered":"<p>CONCURSUL NA\u0162IONAL DE LITERATUR\u0102 \u201eALEXANDRU MACEDONSKI\u201d &nbsp;EDI\u0162IA A IX-A C\u00e2\u0219tig\u0103torii&nbsp;&nbsp;Concursului Na\u021bional de Literatur\u0103&nbsp;&nbsp;,,Alexandru Macedonski &#8222; I.Sec\u021biunea Consacra\u021bi&nbsp; 1.Sec\u021biunea Consacra\u021bi Poezie Premiul I&nbsp;&#8211; Romeo Aurelian Ilie &#8211;&nbsp;Lacrima tat\u0103lui Premiul al II-lea &#8211;&nbsp;Sude Emil Iulian&nbsp;Rapsodiile unui gelos Premiul al III-lea &#8211;&nbsp;&nbsp;Mariana Dobric\u0103&nbsp;Poetice 2. Sec\u021biunea Consacra\u021bi Proz\u0103&nbsp; Premiul I &#8211;&nbsp;&nbsp;&nbsp;Iulian Sp\u0103taru&nbsp;Rebel Premiulal II-lea &#8211;\u00a0Cosmin Andrei\u00a0Tudor Balerina Premiul al [&hellip;]<\/p>\n","protected":false},"author":1,"featured_media":0,"parent":0,"menu_order":0,"comment_status":"closed","ping_status":"closed","template":"","meta":{"_et_pb_use_builder":"","_et_pb_old_content":"","_et_gb_content_width":"","footnotes":""},"class_list":["post-2813","page","type-page","status-publish","hentry"],"_links":{"self":[{"href":"https:\/\/asociatia-macedonenilor.ro\/index.php\/wp-json\/wp\/v2\/pages\/2813","targetHints":{"allow":["GET"]}}],"collection":[{"href":"https:\/\/asociatia-macedonenilor.ro\/index.php\/wp-json\/wp\/v2\/pages"}],"about":[{"href":"https:\/\/asociatia-macedonenilor.ro\/index.php\/wp-json\/wp\/v2\/types\/page"}],"author":[{"embeddable":true,"href":"https:\/\/asociatia-macedonenilor.ro\/index.php\/wp-json\/wp\/v2\/users\/1"}],"replies":[{"embeddable":true,"href":"https:\/\/asociatia-macedonenilor.ro\/index.php\/wp-json\/wp\/v2\/comments?post=2813"}],"version-history":[{"count":10,"href":"https:\/\/asociatia-macedonenilor.ro\/index.php\/wp-json\/wp\/v2\/pages\/2813\/revisions"}],"predecessor-version":[{"id":3275,"href":"https:\/\/asociatia-macedonenilor.ro\/index.php\/wp-json\/wp\/v2\/pages\/2813\/revisions\/3275"}],"wp:attachment":[{"href":"https:\/\/asociatia-macedonenilor.ro\/index.php\/wp-json\/wp\/v2\/media?parent=2813"}],"curies":[{"name":"wp","href":"https:\/\/api.w.org\/{rel}","templated":true}]}}